{"id":5176,"date":"2018-06-11T20:48:59","date_gmt":"2018-06-11T19:48:59","guid":{"rendered":"https:\/\/maisondelaforet.pt\/politica-privacidade\/"},"modified":"2019-08-07T17:14:23","modified_gmt":"2019-08-07T16:14:23","slug":"privacy-policy","status":"publish","type":"page","link":"https:\/\/maisondelaforet.pt\/en\/privacy-policy\/","title":{"rendered":"Privacy Policy"},"content":{"rendered":"<p>&nbsp;<\/p>\n<h3><strong>Pol\u00edtica de Privacidade<\/strong><\/h3>\n<p>Data efetiva: agosto 27, 2018<\/p>\n<p>&nbsp;<\/p>\n<h4>Quem somos<\/h4>\n<p>A MAISON DE LA FOR\u00caT, estabeleceu como prioridade nas suas pol\u00edticas internas a prote\u00e7\u00e3o dos dados pessoais que trata no exerc\u00edcio da sua atividade.<\/p>\n<p>Como tal, serve a presente DECLARA\u00c7\u00c3O o prop\u00f3sito de informar o que est\u00e1 em causa quando utiliza os nosso formul\u00e1rios, a finalidade do processamento, assim como os nossos esfor\u00e7os em manter tais dados protegidos.<\/p>\n<p>Esta DECLARA\u00c7\u00c3O aplica-se ao nosso website\u00a0<a href=\"https:\/\/maisondelaforet.pt\">https:\/\/maisondelaforet.pt<\/a> e poder\u00e1 ser alterada a todo o tempo na medida do necess\u00e1rio \u00e0 sua atualiza\u00e7\u00e3o e corre\u00e7\u00e3o. Qualquer altera\u00e7\u00e3o ser-lhe-\u00e1 prontamente comunicada. Somos transparentes em todos os nossos processos e sentimos uma enorme responsabilidade por nos ter confiado os seus dados.<\/p>\n<p>Esta p\u00e1gina informa sobre as nossas pol\u00edticas relativas \u00e0 coleta, uso e divulga\u00e7\u00e3o de dados pessoais que utiliza no nosso Servi\u00e7o e as op\u00e7\u00f5es que associou a esses dados.<\/p>\n<p>Usamos os seus dados para fornecer e melhorar o servi\u00e7o. Ao usar o Servi\u00e7o, voc\u00ea concorda com a coleta e uso de informa\u00e7\u00f5es de acordo com esta pol\u00edtica.<\/p>\n<p>&nbsp;<\/p>\n<p>Esta p\u00e1gina informa sobre as nossas pol\u00edticas relativas \u00e0 coleta, uso e divulga\u00e7\u00e3o de dados pessoais que utiliza no nosso Servi\u00e7o e as op\u00e7\u00f5es que associou a esses dados.<\/p>\n<p>Usamos os seus dados para fornecer e melhorar o servi\u00e7o. Ao usar o Servi\u00e7o, voc\u00ea concorda com a coleta e uso de informa\u00e7\u00f5es de acordo com esta pol\u00edtica. A menos que definido de outra forma nesta Pol\u00edtica de Privacidade, os termos usados nesta Pol\u00edtica de Privacidade t\u00eam os mesmos significados que os nossos Termos e Condi\u00e7\u00f5es.<\/p>\n<p>&nbsp;<\/p>\n<h4><strong>Coleta de Informa\u00e7\u00f5es e Uso<\/strong><\/h4>\n<p>Coletamos v\u00e1rios tipos diferentes de informa\u00e7\u00f5es para v\u00e1rias finalidades para fornecer e melhorar o nosso Servi\u00e7o para si.<\/p>\n<p>&nbsp;<\/p>\n<h4><strong>Tipos de dados coletados<\/strong><\/h4>\n<p><strong>Dados pessoais<\/strong><\/p>\n<p>Ao usar o nosso Servi\u00e7o, podemos solicitar que voc\u00ea nos forne\u00e7a algumas informa\u00e7\u00f5es pessoais identific\u00e1veis que podem ser usadas para contact\u00e1-lo ou identific\u00e1-lo (\u201cDados Pessoais\u201d). Informa\u00e7\u00f5es pessoalmente identific\u00e1veis podem incluir, mas n\u00e3o est\u00e3o limitadas a:<\/p>\n<ul>\n<li>Endere\u00e7o de Email<\/li>\n<li>Primeiro nome e sobrenome<\/li>\n<li>N\u00famero de telefone<\/li>\n<li>Endere\u00e7o, C\u00f3digo Postal, Cidade<\/li>\n<li>Cookies e Dados de Uso<\/li>\n<\/ul>\n<p><strong>Dados de uso<\/strong><\/p>\n<p>Tamb\u00e9m podemos coletar informa\u00e7\u00f5es sobre como o Servi\u00e7o \u00e9 acessado e usado (\u201cDados de Uso\u201d). Esses Dados de Uso podem incluir informa\u00e7\u00f5es como o endere\u00e7o IP do seu computador, tipo de navegador, vers\u00e3o do navegador, as p\u00e1ginas do nosso Servi\u00e7o que voc\u00ea visita, a hora e data de sua visita, o tempo gasto nessas p\u00e1ginas identificadores de dispositivos e outros dados de diagn\u00f3stico.<\/p>\n<p><strong>Rastreamento e dados de cookies<\/strong><\/p>\n<p>Usamos cookies e tecnologias de rastreamento semelhantes para rastrear a atividade do nosso Servi\u00e7o e manter certas informa\u00e7\u00f5es.<\/p>\n<p>Cookies s\u00e3o arquivos com pequena quantidade de dados que podem incluir um identificador exclusivo an\u00f4nimo. Os cookies s\u00e3o enviados para o seu navegador a partir de um site e armazenados no seu dispositivo. As tecnologias de rastreamento tamb\u00e9m usadas s\u00e3o beacons, tags e scripts para coletar e rastrear informa\u00e7\u00f5es e para melhorar e analisar o nosso Servi\u00e7o.<\/p>\n<p>Voc\u00ea pode instruir o seu navegador para recusar todos os cookies ou para indicar quando um cookie est\u00e1 sendo enviado. No entanto, se voc\u00ea n\u00e3o aceitar cookies, talvez n\u00e3o consiga usar algumas partes do nosso Servi\u00e7o.<\/p>\n<p>Exemplos de Cookies que utilizamos:<\/p>\n<ul>\n<li><strong>Cookies de sess\u00e3o.<\/strong> Usamos cookies de sess\u00e3o para operar nosso servi\u00e7o.<\/li>\n<li><strong>Cookies preferenciais.<\/strong> Usamos cookies preferenciais para lembrar as suas prefer\u00eancias e as v\u00e1rias configura\u00e7\u00f5es.<\/li>\n<li><strong>Cookies de seguran\u00e7a.<\/strong> N\u00f3s usamos cookies de seguran\u00e7a para fins de seguran\u00e7a.<\/li>\n<\/ul>\n<p>&nbsp;<\/p>\n<p><strong>Uso de dados<\/strong><\/p>\n<p>A Maison De La For\u00eat, usa os dados coletados para diversos fins:<\/p>\n<ul>\n<li>Para fornecer e manter o servi\u00e7o<\/li>\n<li>Para notific\u00e1-lo sobre altera\u00e7\u00f5es no nosso servi\u00e7o<\/li>\n<li>Para permitir que voc\u00ea participe de recursos interativos do nosso Servi\u00e7o ao optar por faz\u00ea-lo<\/li>\n<li>Para fornecer atendimento ao cliente e suporte<\/li>\n<li>Para fornecer an\u00e1lises ou informa\u00e7\u00f5es valiosas para que possamos melhorar o servi\u00e7o<\/li>\n<li>Para monitorar o uso do servi\u00e7o<\/li>\n<li>Para detectar, prevenir e resolver problemas t\u00e9cnicos<\/li>\n<\/ul>\n<p>&nbsp;<\/p>\n<p><strong>Transfer\u00eancia de dados<\/strong><\/p>\n<p>As suas informa\u00e7\u00f5es, incluindo Dados Pessoais, podem ser transferidas para \u2013 e mantidas em \u2013 computadores localizados fora da seu cidade, pa\u00eds ou outra jurisdi\u00e7\u00e3o governamental, onde as leis de prote\u00e7\u00e3o de dados podem ser diferentes das da sua jurisdi\u00e7\u00e3o.<\/p>\n<p>Se estiver localizado fora de Portugal e optar por fornecer informa\u00e7\u00f5es para n\u00f3s, tenha em aten\u00e7\u00e3o que transferimos os dados, incluindo Dados Pessoais, para Portugal e processamos o mesmo.<\/p>\n<p>O seu consentimento para com esta Pol\u00edtica de Privacidade, seguido pelo envio de tais informa\u00e7\u00f5es, representa a sua concord\u00e2ncia com essa transfer\u00eancia.<\/p>\n<p>A Maison De La For\u00eat tomar\u00e1 todas as medidas razoavelmente necess\u00e1rias para garantir que os seus dados sejam tratados com seguran\u00e7a e de acordo com esta Pol\u00edtica de Privacidade e nenhuma transfer\u00eancia dos seus Dados Pessoais ocorrer\u00e1 a uma organiza\u00e7\u00e3o ou pa\u00eds, a menos que haja controles adequados, incluindo a seguran\u00e7a dos seus dados e outras informa\u00e7\u00f5es pessoais.<\/p>\n<p>&nbsp;<\/p>\n<h4><strong>Divulga\u00e7\u00e3o de Dados<\/strong><\/h4>\n<p><strong>Requerimentos legais<\/strong><\/p>\n<p>A Maison De La For\u00eat pode divulgar os seus Dados Pessoais na cren\u00e7a de boa f\u00e9 de que tal a\u00e7\u00e3o \u00e9 necess\u00e1ria para:<\/p>\n<ul>\n<li>Para cumprir uma obriga\u00e7\u00e3o legal<\/li>\n<li>Para proteger e defender os direitos ou propriedade da Maison De La For\u00eat<\/li>\n<li>Para evitar ou investigar poss\u00edveis irregularidades relacionadas ao Servi\u00e7o<\/li>\n<li>Para proteger a seguran\u00e7a pessoal dos usu\u00e1rios do Servi\u00e7o ou do p\u00fablico<\/li>\n<li>Para proteger contra a responsabilidade legal<\/li>\n<\/ul>\n<p>&nbsp;<\/p>\n<p><strong>Seguran\u00e7a de dados<\/strong><\/p>\n<p>A seguran\u00e7a dos seus dados \u00e9 importante para n\u00f3s, mas lembre-se de que nenhum m\u00e9todo de transmiss\u00e3o pela Internet ou m\u00e9todo de armazenamento eletr\u00f4nico \u00e9 100% seguro. Embora nos esforcemos para usar meios comercialmente aceit\u00e1veis para proteger seus dados pessoais, n\u00e3o podemos garantir sua seguran\u00e7a absoluta.<\/p>\n<p>&nbsp;<\/p>\n<p><strong>Provedores de servi\u00e7o<\/strong><\/p>\n<p>Podemos empregar empresas e indiv\u00edduos terceirizados para facilitar o nosso Servi\u00e7o (\u201cPrestadores de Servi\u00e7os\u201d), para fornecer o Servi\u00e7o em nosso nome, para executar servi\u00e7os relacionados ao Servi\u00e7o ou para nos auxiliar na an\u00e1lise de como o nosso Servi\u00e7o \u00e9 utilizado.<\/p>\n<p>Esses terceiros t\u00eam acesso aos seus Dados Pessoais somente para realizar essas tarefas em nosso nome e s\u00e3o obrigados a n\u00e3o divulg\u00e1-los ou us\u00e1-los para qualquer outra finalidade.<\/p>\n<p>&nbsp;<\/p>\n<p><strong>Analytics<\/strong><\/p>\n<p>Podemos usar prestadores de servi\u00e7os terceirizados para monitorar e analisar o uso do nosso servi\u00e7o.<\/p>\n<p>&nbsp;<\/p>\n<p><strong>Google Analytics<\/strong><\/p>\n<p>O Google Analytics \u00e9 um servi\u00e7o de an\u00e1lise da web oferecido pelo Google que rastreia e relata o tr\u00e1fego do website. O Google usa os dados coletados para rastrear e monitorar o uso do nosso servi\u00e7o. Esses dados s\u00e3o compartilhados com outros servi\u00e7os do Google. O Google pode usar os dados coletados para contextualizar e personalizar os an\u00fancios da sua pr\u00f3pria rede de publicidade.<\/p>\n<p>Voc\u00ea pode desativar a disponibilidade da sua atividade no Servi\u00e7o para o Google Analytics instalando o complemento do navegador para desativa\u00e7\u00e3o do Google Analytics. O complemento impede que o JavaScript do Google Analytics (ga.js, analytics.js e dc.js) compartilhe informa\u00e7\u00f5es com o Google Analytics sobre a atividade de visitas.<\/p>\n<p>Para mais informa\u00e7\u00f5es sobre as pr\u00e1ticas de privacidade do Google, visite a p\u00e1gina da web Privacidade e Termos do Google: <u><a href=\"https:\/\/policies.google.com\/privacy?hl=en\">https:\/\/policies.google.com\/privacy?hl=en<\/a><\/u><\/p>\n<p>&nbsp;<\/p>\n<p><strong>Links para outros sites<\/strong><\/p>\n<p>O nosso Servi\u00e7o pode conter links para outros sites que n\u00e3o s\u00e3o operados por n\u00f3s. Se voc\u00ea clicar em um link de terceiros, voc\u00ea ser\u00e1 direcionado para o site de terceiros. Recomendamos vivamente que reveja a Pol\u00edtica de Privacidade de todos os sites que visita.<\/p>\n<p>N\u00e3o temos controle e n\u00e3o assumimos nenhuma responsabilidade pelo conte\u00fado, pol\u00edticas de privacidade ou pr\u00e1ticas de quaisquer sites ou servi\u00e7os de terceiros.<\/p>\n<p>&nbsp;<\/p>\n<p><strong>Privacidade das crian\u00e7as<\/strong><\/p>\n<p>O nosso Servi\u00e7o n\u00e3o atende a menores de 18 anos.<\/p>\n<p>N\u00e3o coletamos intencionalmente informa\u00e7\u00f5es de identifica\u00e7\u00e3o pessoal de menores de 18 anos. Se voc\u00ea \u00e9 pai \/ m\u00e3e ou respons\u00e1vel legal e est\u00e1 ciente de que seus filhos nos forneceram dados pessoais, entre em contato connosco. Se ficarmos cientes de que coletamos dados pessoais de crian\u00e7as sem a verifica\u00e7\u00e3o do consentimento dos pais, tomamos medidas para remover essas informa\u00e7\u00f5es dos nossos servidores.<\/p>\n<p>&nbsp;<\/p>\n<p><strong>Altera\u00e7\u00f5es a esta pol\u00edtica de privacidade<\/strong><\/p>\n<p>Podemos atualizar a nossa Pol\u00edtica de Privacidade de tempos em tempos. Vamos notific\u00e1-lo de quaisquer altera\u00e7\u00f5es, publicando a nova Pol\u00edtica de Privacidade nesta p\u00e1gina.<\/p>\n<p>Qualquer altera\u00e7\u00e3o que entre em vigor estar\u00e1 atualizada nesta mesma p\u00e1gina com a \u201cdata efetiva\u201d na parte superior desta Pol\u00edtica de Privacidade.<\/p>\n<p>Recomenda-se que revise esta Pol\u00edtica de Privacidade periodicamente para quaisquer altera\u00e7\u00f5es. Altera\u00e7\u00f5es a esta Pol\u00edtica de Privacidade s\u00e3o eficazes quando s\u00e3o publicadas nesta p\u00e1gina.<\/p>\n<p>&nbsp;<\/p>\n<h4><strong>Resolu\u00e7\u00e3o de Lit\u00edgios<\/strong><\/h4>\n<p>Em caso de lit\u00edgio e ao abrigo do Dec. Lei 144\/2015, pode recorrer ao Centro de Arbitragem Institucionalizada, Av. da Boavista 2671, Porto.<\/p>\n<p>Mais informa\u00e7\u00f5es em Portal do Consumidor <u><a href=\"http:\/\/www.consumidor.pt\/\">www.consumidor.pt<\/a><\/u><\/p>\n<p>&nbsp;<\/p>\n<p><strong>D\u00favidas?<\/strong><\/p>\n<p>Se tiver alguma d\u00favida sobre esta Pol\u00edtica de Privacidade, entre em contato connosco por email: geral@maisondelaforet.pt<\/p>\n<p>&nbsp;<\/p>\n<hr \/>\n<p><a href=\"https:\/\/eur-lex.europa.eu\/legal-content\/PT\/TXT\/PDF\/?uri=CELEX:32016R0679&amp;from=PT\">Regulamento Geral sobre a Prote\u00e7\u00e3o de Dados (RGPD)<\/a>: Regulamento (UE) 2016\/679 do Parlamento Europeu e do Conselho, de 27 de abril de 2016, relativo \u00e0 prote\u00e7\u00e3o das pessoas singulares no que diz respeito ao tratamento de dados pessoais e \u00e0 livre circula\u00e7\u00e3o desses dados e que revoga a Diretiva 95\/46\/CE (Regulamento Geral sobre a Prote\u00e7\u00e3o de Dados) (JO L 119 de 4.5.2016).<\/p>\n","protected":false},"excerpt":{"rendered":"<p>&nbsp; Pol\u00edtica de Privacidade Data efetiva: agosto 27, 2018 &nbsp; Quem somos A MAISON DE LA FOR\u00caT, estabeleceu como prioridade nas suas pol\u00edticas internas a prote\u00e7\u00e3o dos dados pessoais que trata no exerc\u00edcio da sua atividade. Como tal, serve a presente DECLARA\u00c7\u00c3O o prop\u00f3sito de informar o que est\u00e1 em causa quando utiliza os nosso [&hellip;]<\/p>\n","protected":false},"author":1,"featured_media":0,"parent":0,"menu_order":0,"comment_status":"closed","ping_status":"closed","template":"","meta":{"_themeisle_gutenberg_block_has_review":false},"yoast_head":"<!-- This site is optimized with the Yoast SEO plugin v18.9 - https:\/\/yoast.com\/wordpress\/plugins\/seo\/ -->\n<title>Privacy Policy - Mon B\u00e9b\u00e9 Cadeaux<\/title>\n<meta name=\"robots\" content=\"index, follow, max-snippet:-1, max-image-preview:large, max-video-preview:-1\" \/>\n<link rel=\"canonical\" href=\"https:\/\/maisondelaforet.pt\/en\/privacy-policy\/\" \/>\n<meta property=\"og:locale\" content=\"en_US\" \/>\n<meta property=\"og:type\" content=\"article\" \/>\n<meta property=\"og:title\" content=\"Privacy Policy - Mon B\u00e9b\u00e9 Cadeaux\" \/>\n<meta property=\"og:description\" content=\"&nbsp; Pol\u00edtica de Privacidade Data efetiva: agosto 27, 2018 &nbsp; Quem somos A MAISON DE LA FOR\u00caT, estabeleceu como prioridade nas suas pol\u00edticas internas a prote\u00e7\u00e3o dos dados pessoais que trata no exerc\u00edcio da sua atividade. Como tal, serve a presente DECLARA\u00c7\u00c3O o prop\u00f3sito de informar o que est\u00e1 em causa quando utiliza os nosso [&hellip;]\" \/>\n<meta property=\"og:url\" content=\"https:\/\/maisondelaforet.pt\/en\/privacy-policy\/\" \/>\n<meta property=\"og:site_name\" content=\"Mon B\u00e9b\u00e9 Cadeaux\" \/>\n<meta property=\"article:modified_time\" content=\"2019-08-07T16:14:23+00:00\" \/>\n<meta name=\"twitter:card\" content=\"summary_large_image\" \/>\n<meta name=\"twitter:label1\" content=\"Est. reading time\" \/>\n\t<meta name=\"twitter:data1\" content=\"9 minutes\" \/>\n<script type=\"application\/ld+json\" class=\"yoast-schema-graph\">{\"@context\":\"https:\/\/schema.org\",\"@graph\":[{\"@type\":\"WebSite\",\"@id\":\"https:\/\/maisondelaforet.pt\/#website\",\"url\":\"https:\/\/maisondelaforet.pt\/\",\"name\":\"Mon B\u00e9b\u00e9 Cadeaux\",\"description\":\"Vestu\u00e1rio para beb\u00e9 e crian\u00e7a\",\"potentialAction\":[{\"@type\":\"SearchAction\",\"target\":{\"@type\":\"EntryPoint\",\"urlTemplate\":\"https:\/\/maisondelaforet.pt\/?s={search_term_string}\"},\"query-input\":\"required name=search_term_string\"}],\"inLanguage\":\"en-US\"},{\"@type\":\"WebPage\",\"@id\":\"https:\/\/maisondelaforet.pt\/en\/privacy-policy\/#webpage\",\"url\":\"https:\/\/maisondelaforet.pt\/en\/privacy-policy\/\",\"name\":\"Privacy Policy - Mon B\u00e9b\u00e9 Cadeaux\",\"isPartOf\":{\"@id\":\"https:\/\/maisondelaforet.pt\/#website\"},\"datePublished\":\"2018-06-11T19:48:59+00:00\",\"dateModified\":\"2019-08-07T16:14:23+00:00\",\"breadcrumb\":{\"@id\":\"https:\/\/maisondelaforet.pt\/en\/privacy-policy\/#breadcrumb\"},\"inLanguage\":\"en-US\",\"potentialAction\":[{\"@type\":\"ReadAction\",\"target\":[\"https:\/\/maisondelaforet.pt\/en\/privacy-policy\/\"]}]},{\"@type\":\"BreadcrumbList\",\"@id\":\"https:\/\/maisondelaforet.pt\/en\/privacy-policy\/#breadcrumb\",\"itemListElement\":[{\"@type\":\"ListItem\",\"position\":1,\"name\":\"In\u00edcio\",\"item\":\"https:\/\/maisondelaforet.pt\/en\/\"},{\"@type\":\"ListItem\",\"position\":2,\"name\":\"Privacy Policy\"}]}]}<\/script>\n<!-- \/ Yoast SEO plugin. -->","yoast_head_json":{"title":"Privacy Policy - Mon B\u00e9b\u00e9 Cadeaux","robots":{"index":"index","follow":"follow","max-snippet":"max-snippet:-1","max-image-preview":"max-image-preview:large","max-video-preview":"max-video-preview:-1"},"canonical":"https:\/\/maisondelaforet.pt\/en\/privacy-policy\/","og_locale":"en_US","og_type":"article","og_title":"Privacy Policy - Mon B\u00e9b\u00e9 Cadeaux","og_description":"&nbsp; Pol\u00edtica de Privacidade Data efetiva: agosto 27, 2018 &nbsp; Quem somos A MAISON DE LA FOR\u00caT, estabeleceu como prioridade nas suas pol\u00edticas internas a prote\u00e7\u00e3o dos dados pessoais que trata no exerc\u00edcio da sua atividade. Como tal, serve a presente DECLARA\u00c7\u00c3O o prop\u00f3sito de informar o que est\u00e1 em causa quando utiliza os nosso [&hellip;]","og_url":"https:\/\/maisondelaforet.pt\/en\/privacy-policy\/","og_site_name":"Mon B\u00e9b\u00e9 Cadeaux","article_modified_time":"2019-08-07T16:14:23+00:00","twitter_card":"summary_large_image","twitter_misc":{"Est. reading time":"9 minutes"},"schema":{"@context":"https:\/\/schema.org","@graph":[{"@type":"WebSite","@id":"https:\/\/maisondelaforet.pt\/#website","url":"https:\/\/maisondelaforet.pt\/","name":"Mon B\u00e9b\u00e9 Cadeaux","description":"Vestu\u00e1rio para beb\u00e9 e crian\u00e7a","potentialAction":[{"@type":"SearchAction","target":{"@type":"EntryPoint","urlTemplate":"https:\/\/maisondelaforet.pt\/?s={search_term_string}"},"query-input":"required name=search_term_string"}],"inLanguage":"en-US"},{"@type":"WebPage","@id":"https:\/\/maisondelaforet.pt\/en\/privacy-policy\/#webpage","url":"https:\/\/maisondelaforet.pt\/en\/privacy-policy\/","name":"Privacy Policy - Mon B\u00e9b\u00e9 Cadeaux","isPartOf":{"@id":"https:\/\/maisondelaforet.pt\/#website"},"datePublished":"2018-06-11T19:48:59+00:00","dateModified":"2019-08-07T16:14:23+00:00","breadcrumb":{"@id":"https:\/\/maisondelaforet.pt\/en\/privacy-policy\/#breadcrumb"},"inLanguage":"en-US","potentialAction":[{"@type":"ReadAction","target":["https:\/\/maisondelaforet.pt\/en\/privacy-policy\/"]}]},{"@type":"BreadcrumbList","@id":"https:\/\/maisondelaforet.pt\/en\/privacy-policy\/#breadcrumb","itemListElement":[{"@type":"ListItem","position":1,"name":"In\u00edcio","item":"https:\/\/maisondelaforet.pt\/en\/"},{"@type":"ListItem","position":2,"name":"Privacy Policy"}]}]}},"_links":{"self":[{"href":"https:\/\/maisondelaforet.pt\/en\/wp-json\/wp\/v2\/pages\/5176"}],"collection":[{"href":"https:\/\/maisondelaforet.pt\/en\/wp-json\/wp\/v2\/pages"}],"about":[{"href":"https:\/\/maisondelaforet.pt\/en\/wp-json\/wp\/v2\/types\/page"}],"author":[{"embeddable":true,"href":"https:\/\/maisondelaforet.pt\/en\/wp-json\/wp\/v2\/users\/1"}],"replies":[{"embeddable":true,"href":"https:\/\/maisondelaforet.pt\/en\/wp-json\/wp\/v2\/comments?post=5176"}],"version-history":[{"count":4,"href":"https:\/\/maisondelaforet.pt\/en\/wp-json\/wp\/v2\/pages\/5176\/revisions"}],"predecessor-version":[{"id":5554,"href":"https:\/\/maisondelaforet.pt\/en\/wp-json\/wp\/v2\/pages\/5176\/revisions\/5554"}],"wp:attachment":[{"href":"https:\/\/maisondelaforet.pt\/en\/wp-json\/wp\/v2\/media?parent=5176"}],"curies":[{"name":"wp","href":"https:\/\/api.w.org\/{rel}","templated":true}]}}